{"id":293,"date":"2011-03-17T14:42:38","date_gmt":"2011-03-17T14:42:38","guid":{"rendered":"http:\/\/www.larazcaman.com\/wordpress\/?page_id=293"},"modified":"2012-01-09T08:25:35","modified_gmt":"2012-01-09T08:25:35","slug":"nos-produits","status":"publish","type":"page","link":"https:\/\/www.larazcaman.com\/fr\/?page_id=293","title":{"rendered":"Nos Vins"},"content":{"rendered":"<p>&nbsp;<\/p>\n<div align=\"center\">\n<table width=\"620\" border=\"0\" cellspacing=\"0\" cellpadding=\"0\">\n<tbody>\n<tr>\n<td style=\"text-align: center;\" valign=\"top\" width=\"307\"><a title=\"Caman\" href=\"https:\/\/www.larazcaman.com\/fr\/?page_id=304\"><img loading=\"lazy\" decoding=\"async\" class=\"ngg-singlepic ngg-center aligncenter\" style=\"border: 0pt none;\" src=\"https:\/\/www.larazcaman.com\/fr\/wp-content\/gallery\/produit_c\/rose.jpg\" alt=\"rose\" width=\"105\" height=\"400\" \/><\/a><\/p>\n<p style=\"text-align: center;\">Ch\u00e2teau Caman Ros\u00e9<\/p>\n<\/td>\n<td style=\"text-align: center;\" valign=\"top\" width=\"307\"><a title=\"Caman\" href=\"https:\/\/www.larazcaman.com\/fr\/?page_id=304\"><img loading=\"lazy\" decoding=\"async\" class=\"ngg-singlepic ngg-none aligncenter\" style=\"border: 0pt none;\" src=\"https:\/\/www.larazcaman.com\/fr\/wp-content\/gallery\/produit_c\/caman.jpg\" alt=\"caman\" width=\"105\" height=\"400\" \/><\/a><\/p>\n<p style=\"text-align: center;\">Ch\u00e2teau Caman Rouge<\/p>\n<\/td>\n<\/tr>\n<tr>\n<td valign=\"top\" width=\"307\">\u00a0<a title=\"Raz Caman\" href=\"https:\/\/www.larazcaman.com\/fr\/?page_id=306\"><img loading=\"lazy\" decoding=\"async\" class=\"ngg-singlepic ngg-center aligncenter\" style=\"border: 0pt none;\" src=\"https:\/\/www.larazcaman.com\/fr\/wp-content\/gallery\/produit_rc\/blanc.jpg\" alt=\"blanc\" width=\"105\" height=\"400\" \/><\/a><\/p>\n<p style=\"text-align: center;\">Ch\u00e2teau La Raz Caman Blanc<\/p>\n<\/td>\n<td valign=\"top\" width=\"307\">\u00a0<a title=\"Raz Caman\" href=\"https:\/\/www.larazcaman.com\/fr\/?page_id=306\"><img loading=\"lazy\" decoding=\"async\" class=\"ngg-singlepic ngg-center aligncenter\" style=\"border: 0pt none;\" src=\"https:\/\/www.larazcaman.com\/fr\/wp-content\/gallery\/produit_rc\/raz_caman.jpg\" alt=\"raz_caman\" width=\"105\" height=\"400\" \/><\/a><\/p>\n<p style=\"text-align: center;\">Ch\u00e2teau La Raz Caman Rouge<\/p>\n<\/td>\n<\/tr>\n<tr>\n<td valign=\"top\" width=\"307\">\u00a0<a title=\"M\u00e9lignan\" href=\"https:\/\/www.larazcaman.com\/fr\/?page_id=308\"><img loading=\"lazy\" decoding=\"async\" class=\"ngg-singlepic ngg-center aligncenter\" style=\"border: 0pt none;\" src=\"https:\/\/www.larazcaman.com\/fr\/wp-content\/gallery\/produit_m\/melignan.jpg\" alt=\"melignan\" width=\"105\" height=\"400\" \/><\/a><\/p>\n<p style=\"text-align: center;\">Ch\u00e2teau M\u00e9lignan<\/p>\n<\/td>\n<td valign=\"top\" width=\"307\"><\/td>\n<\/tr>\n<\/tbody>\n<\/table>\n<\/div>\n","protected":false},"excerpt":{"rendered":"<p>&nbsp; Ch\u00e2teau Caman Ros\u00e9 Ch\u00e2teau Caman Rouge \u00a0 Ch\u00e2teau La Raz Caman Blanc \u00a0 Ch\u00e2teau La Raz Caman Rouge \u00a0 Ch\u00e2teau M\u00e9lignan<\/p>\n <a class=\"more-link\" href=\"https:\/\/www.larazcaman.com\/fr\/?page_id=293\">Keep reading<\/a>","protected":false},"author":1,"featured_media":0,"parent":0,"menu_order":2,"comment_status":"closed","ping_status":"open","template":"","meta":{"ngg_post_thumbnail":0,"footnotes":""},"aioseo_notices":[],"_links":{"self":[{"href":"https:\/\/www.larazcaman.com\/fr\/index.php?rest_route=\/wp\/v2\/pages\/293"}],"collection":[{"href":"https:\/\/www.larazcaman.com\/fr\/index.php?rest_route=\/wp\/v2\/pages"}],"about":[{"href":"https:\/\/www.larazcaman.com\/fr\/index.php?rest_route=\/wp\/v2\/types\/page"}],"author":[{"embeddable":true,"href":"https:\/\/www.larazcaman.com\/fr\/index.php?rest_route=\/wp\/v2\/users\/1"}],"replies":[{"embeddable":true,"href":"https:\/\/www.larazcaman.com\/fr\/index.php?rest_route=%2Fwp%2Fv2%2Fcomments&post=293"}],"version-history":[{"count":0,"href":"https:\/\/www.larazcaman.com\/fr\/index.php?rest_route=\/wp\/v2\/pages\/293\/revisions"}],"wp:attachment":[{"href":"https:\/\/www.larazcaman.com\/fr\/index.php?rest_route=%2Fwp%2Fv2%2Fmedia&parent=293"}],"curies":[{"name":"wp","href":"https:\/\/api.w.org\/{rel}","templated":true}]}}