{"id":131,"date":"2011-03-15T16:25:44","date_gmt":"2011-03-15T16:25:44","guid":{"rendered":"http:\/\/www.larazcaman.com\/wordpress\/?page_id=131"},"modified":"2016-02-07T18:10:26","modified_gmt":"2016-02-07T18:10:26","slug":"le-gite","status":"publish","type":"page","link":"https:\/\/www.larazcaman.com\/fr\/?page_id=131","title":{"rendered":"Le G\u00eete"},"content":{"rendered":"<p>&nbsp;<br \/>\n<strong>Les Cigognes de Caman<\/strong><img loading=\"lazy\" decoding=\"async\" class=\"ngg-singlepic ngg-right alignright\" style=\"border: 0pt none;\" src=\"https:\/\/www.larazcaman.com\/fr\/wp-content\/gallery\/site\/bandeaugite.jpg\" alt=\"bandeaugite\" width=\"225\" height=\"450\" \/><br \/>\n&nbsp;<br \/>\nSitu\u00e9 sur la propri\u00e9t\u00e9 viticole du Ch\u00e2teau La Raz Caman, au c\u0153ur du vignoble des C\u00f4tes de Blaye, confortable g\u00eete rural am\u00e9nag\u00e9 dans une maison de type girondine, mitoyen \u00e0 l&rsquo;habitation des propri\u00e9taires.<\/p>\n<p>Sa situation privil\u00e9gi\u00e9e en bordure de marais et de bois riches en faune sauvage (cigognes) raviera les amateurs de calme et de nature. Grande terrasse, jardin et parking.<br \/>\n&nbsp;<br \/>\nAu rez-de-chauss\u00e9e, grande pi\u00e8ce de jour avec cuisine \u00e9quip\u00e9e, espace repas et salon. Salle d&rsquo;eau\/wc. Cellier\/buanderie.<br \/>\n&nbsp;<br \/>\nA l&rsquo;\u00e9tage, une grande chambre \u00e9quip\u00e9e d&rsquo;un lit 160 avec salle d&rsquo;eau et wc priv\u00e9s, deux autres chambres (5 lits 90), une salle d&rsquo;eau\/wc ind\u00e9pendante. Chauffage au sol \u00e9lectrique. Draps et linge de table inclus dans le tarif. Possibilit\u00e9 de location de linge de toilette (5\u20ac\/pers.) et de m\u00e9nage en fin de s\u00e9jour (forfait 60\u20ac).<br \/>\n&nbsp;<br \/>\n&nbsp;<br \/>\n<strong>Tarifs<\/strong><br \/>\n&nbsp;<br \/>\nDe 490\u20ac \u00e0 830\u20ac la semaine. Les tarifs d\u00e9pendent de la saison.<\/p>\n<p>Si vous souhaitez obtenir des informations compl\u00e9mentaires ou\u00a0 r\u00e9server, contactez-nous sur <a title=\"Nous contacter\" href=\"https:\/\/www.larazcaman.com\/fr\/?page_id=4\">cette page<\/a> ou directement par t\u00e9l\u00e9phone au 05 57 64 41 82.<br \/>\n&nbsp;<br \/>\n&nbsp;<br \/>\n<strong>Galerie Photo<\/strong><br \/>\n&nbsp;<br \/>\n<a>\n<div class=\"ngg-galleryoverview ngg-template-caption\" id=\"ngg-gallery-79eca0c30ac5283501b3c15f03b68ca3-131\">\n\n\t\t\n\t<!-- Thumbnails -->\n\t\t\t\t\t\n\t<div id=\"ngg-image-28\" class=\"ngg-gallery-thumbnail-box\"  >\n\t\t<div class=\"ngg-gallery-thumbnail\" >\n\t\t\t<a href=\"https:\/\/www.larazcaman.com\/fr\/wp-content\/gallery\/gite\/Gite001.jpg\"\n\t\t\t\ttitle=\" \"\n\t\t\t\tclass=\"ngg-fancybox\" rel=\"79eca0c30ac5283501b3c15f03b68ca3\" data-image-id=\"28\" data-src=\"https:\/\/www.larazcaman.com\/fr\/wp-content\/gallery\/gite\/Gite001.jpg\" data-thumbnail=\"https:\/\/www.larazcaman.com\/fr\/wp-content\/gallery\/gite\/cache\/Gite001.jpg-nggid0228-ngg0dyn-150x110x100-00f0w010c011r110f110r010t010.jpg\" data-title=\"Gite001\" data-description=\" \" >\n\t\t\t\t\t\t\t\t<img title=\"Gite001\" alt=\"Gite001\" src=\"https:\/\/www.larazcaman.com\/fr\/wp-content\/gallery\/gite\/cache\/Gite001.jpg-nggid0228-ngg0dyn-150x110x100-00f0w010c011r110f110r010t010.jpg\" width='150' height='110' \/>\n\t\t\t\t\t\t\t<\/a>\n\t\t\t<span>\n\t\t\t \t\t\t<\/span>\n\t\t<\/div>\n\t<\/div>\n\t\t\t\t\t\t\t\t\n\t<div id=\"ngg-image-29\" class=\"ngg-gallery-thumbnail-box\"  >\n\t\t<div class=\"ngg-gallery-thumbnail\" >\n\t\t\t<a href=\"https:\/\/www.larazcaman.com\/fr\/wp-content\/gallery\/gite\/Gite002.jpg\"\n\t\t\t\ttitle=\" \"\n\t\t\t\tclass=\"ngg-fancybox\" rel=\"79eca0c30ac5283501b3c15f03b68ca3\" data-image-id=\"29\" data-src=\"https:\/\/www.larazcaman.com\/fr\/wp-content\/gallery\/gite\/Gite002.jpg\" data-thumbnail=\"https:\/\/www.larazcaman.com\/fr\/wp-content\/gallery\/gite\/cache\/Gite002.jpg-nggid0229-ngg0dyn-150x110x100-00f0w010c011r110f110r010t010.jpg\" data-title=\"Rez de chauss\u00e9e\" data-description=\" \" >\n\t\t\t\t\t\t\t\t<img title=\"Rez de chauss\u00e9e\" alt=\"Rez de chauss\u00e9e\" src=\"https:\/\/www.larazcaman.com\/fr\/wp-content\/gallery\/gite\/cache\/Gite002.jpg-nggid0229-ngg0dyn-150x110x100-00f0w010c011r110f110r010t010.jpg\" width='150' height='110' \/>\n\t\t\t\t\t\t\t<\/a>\n\t\t\t<span>\n\t\t\t \t\t\t<\/span>\n\t\t<\/div>\n\t<\/div>\n\t\t\t\t\t\t\t\t\n\t<div id=\"ngg-image-30\" class=\"ngg-gallery-thumbnail-box\"  >\n\t\t<div class=\"ngg-gallery-thumbnail\" >\n\t\t\t<a href=\"https:\/\/www.larazcaman.com\/fr\/wp-content\/gallery\/gite\/Gite003.jpg\"\n\t\t\t\ttitle=\" \"\n\t\t\t\tclass=\"ngg-fancybox\" rel=\"79eca0c30ac5283501b3c15f03b68ca3\" data-image-id=\"30\" data-src=\"https:\/\/www.larazcaman.com\/fr\/wp-content\/gallery\/gite\/Gite003.jpg\" data-thumbnail=\"https:\/\/www.larazcaman.com\/fr\/wp-content\/gallery\/gite\/cache\/Gite003.jpg-nggid0230-ngg0dyn-150x110x100-00f0w010c011r110f110r010t010.jpg\" data-title=\"Gite003\" data-description=\" \" >\n\t\t\t\t\t\t\t\t<img title=\"Gite003\" alt=\"Gite003\" src=\"https:\/\/www.larazcaman.com\/fr\/wp-content\/gallery\/gite\/cache\/Gite003.jpg-nggid0230-ngg0dyn-150x110x100-00f0w010c011r110f110r010t010.jpg\" width='150' height='110' \/>\n\t\t\t\t\t\t\t<\/a>\n\t\t\t<span>\n\t\t\t \t\t\t<\/span>\n\t\t<\/div>\n\t<\/div>\n\t\t\t\t\t\t\t\t\n\t<div id=\"ngg-image-31\" class=\"ngg-gallery-thumbnail-box\"  >\n\t\t<div class=\"ngg-gallery-thumbnail\" >\n\t\t\t<a href=\"https:\/\/www.larazcaman.com\/fr\/wp-content\/gallery\/gite\/Gite004.jpg\"\n\t\t\t\ttitle=\" \"\n\t\t\t\tclass=\"ngg-fancybox\" rel=\"79eca0c30ac5283501b3c15f03b68ca3\" data-image-id=\"31\" data-src=\"https:\/\/www.larazcaman.com\/fr\/wp-content\/gallery\/gite\/Gite004.jpg\" data-thumbnail=\"https:\/\/www.larazcaman.com\/fr\/wp-content\/gallery\/gite\/cache\/Gite004.jpg-nggid0231-ngg0dyn-150x110x100-00f0w010c011r110f110r010t010.jpg\" data-title=\"Gite004\" data-description=\" \" >\n\t\t\t\t\t\t\t\t<img title=\"Gite004\" alt=\"Gite004\" src=\"https:\/\/www.larazcaman.com\/fr\/wp-content\/gallery\/gite\/cache\/Gite004.jpg-nggid0231-ngg0dyn-150x110x100-00f0w010c011r110f110r010t010.jpg\" width='150' height='110' \/>\n\t\t\t\t\t\t\t<\/a>\n\t\t\t<span>\n\t\t\t \t\t\t<\/span>\n\t\t<\/div>\n\t<\/div>\n\t\t\t\t\t\t\t\t\n\t<div id=\"ngg-image-32\" class=\"ngg-gallery-thumbnail-box\"  >\n\t\t<div class=\"ngg-gallery-thumbnail\" >\n\t\t\t<a href=\"https:\/\/www.larazcaman.com\/fr\/wp-content\/gallery\/gite\/Gite005.jpg\"\n\t\t\t\ttitle=\" \"\n\t\t\t\tclass=\"ngg-fancybox\" rel=\"79eca0c30ac5283501b3c15f03b68ca3\" data-image-id=\"32\" data-src=\"https:\/\/www.larazcaman.com\/fr\/wp-content\/gallery\/gite\/Gite005.jpg\" data-thumbnail=\"https:\/\/www.larazcaman.com\/fr\/wp-content\/gallery\/gite\/cache\/Gite005.jpg-nggid0232-ngg0dyn-150x110x100-00f0w010c011r110f110r010t010.jpg\" data-title=\"Gite005\" data-description=\" \" >\n\t\t\t\t\t\t\t\t<img title=\"Gite005\" alt=\"Gite005\" src=\"https:\/\/www.larazcaman.com\/fr\/wp-content\/gallery\/gite\/cache\/Gite005.jpg-nggid0232-ngg0dyn-150x110x100-00f0w010c011r110f110r010t010.jpg\" width='150' height='110' \/>\n\t\t\t\t\t\t\t<\/a>\n\t\t\t<span>\n\t\t\t \t\t\t<\/span>\n\t\t<\/div>\n\t<\/div>\n\t\t\t\t\t\t\t\t\n\t<div id=\"ngg-image-33\" class=\"ngg-gallery-thumbnail-box\"  >\n\t\t<div class=\"ngg-gallery-thumbnail\" >\n\t\t\t<a href=\"https:\/\/www.larazcaman.com\/fr\/wp-content\/gallery\/gite\/Gite006.jpg\"\n\t\t\t\ttitle=\" \"\n\t\t\t\tclass=\"ngg-fancybox\" rel=\"79eca0c30ac5283501b3c15f03b68ca3\" data-image-id=\"33\" data-src=\"https:\/\/www.larazcaman.com\/fr\/wp-content\/gallery\/gite\/Gite006.jpg\" data-thumbnail=\"https:\/\/www.larazcaman.com\/fr\/wp-content\/gallery\/gite\/cache\/Gite006.jpg-nggid0233-ngg0dyn-150x110x100-00f0w010c011r110f110r010t010.jpg\" data-title=\"Gite006\" data-description=\" \" >\n\t\t\t\t\t\t\t\t<img title=\"Gite006\" alt=\"Gite006\" src=\"https:\/\/www.larazcaman.com\/fr\/wp-content\/gallery\/gite\/cache\/Gite006.jpg-nggid0233-ngg0dyn-150x110x100-00f0w010c011r110f110r010t010.jpg\" width='150' height='110' \/>\n\t\t\t\t\t\t\t<\/a>\n\t\t\t<span>\n\t\t\t \t\t\t<\/span>\n\t\t<\/div>\n\t<\/div>\n\t\t\t\t\t\t\t\t\n\t<div id=\"ngg-image-34\" class=\"ngg-gallery-thumbnail-box\"  >\n\t\t<div class=\"ngg-gallery-thumbnail\" >\n\t\t\t<a href=\"https:\/\/www.larazcaman.com\/fr\/wp-content\/gallery\/gite\/Gite007.jpg\"\n\t\t\t\ttitle=\" \"\n\t\t\t\tclass=\"ngg-fancybox\" rel=\"79eca0c30ac5283501b3c15f03b68ca3\" data-image-id=\"34\" data-src=\"https:\/\/www.larazcaman.com\/fr\/wp-content\/gallery\/gite\/Gite007.jpg\" data-thumbnail=\"https:\/\/www.larazcaman.com\/fr\/wp-content\/gallery\/gite\/cache\/Gite007.jpg-nggid0234-ngg0dyn-150x110x100-00f0w010c011r110f110r010t010.jpg\" data-title=\"Gite007\" data-description=\" \" >\n\t\t\t\t\t\t\t\t<img title=\"Gite007\" alt=\"Gite007\" src=\"https:\/\/www.larazcaman.com\/fr\/wp-content\/gallery\/gite\/cache\/Gite007.jpg-nggid0234-ngg0dyn-150x110x100-00f0w010c011r110f110r010t010.jpg\" width='150' height='110' \/>\n\t\t\t\t\t\t\t<\/a>\n\t\t\t<span>\n\t\t\t \t\t\t<\/span>\n\t\t<\/div>\n\t<\/div>\n\t\t\t\t\t\t\t\t\n\t<div id=\"ngg-image-35\" class=\"ngg-gallery-thumbnail-box\"  >\n\t\t<div class=\"ngg-gallery-thumbnail\" >\n\t\t\t<a href=\"https:\/\/www.larazcaman.com\/fr\/wp-content\/gallery\/gite\/Gite008.jpg\"\n\t\t\t\ttitle=\" \"\n\t\t\t\tclass=\"ngg-fancybox\" rel=\"79eca0c30ac5283501b3c15f03b68ca3\" data-image-id=\"35\" data-src=\"https:\/\/www.larazcaman.com\/fr\/wp-content\/gallery\/gite\/Gite008.jpg\" data-thumbnail=\"https:\/\/www.larazcaman.com\/fr\/wp-content\/gallery\/gite\/cache\/Gite008.jpg-nggid0235-ngg0dyn-150x110x100-00f0w010c011r110f110r010t010.jpg\" data-title=\"Chambre principale\" data-description=\" \" >\n\t\t\t\t\t\t\t\t<img title=\"Chambre principale\" alt=\"Chambre principale\" src=\"https:\/\/www.larazcaman.com\/fr\/wp-content\/gallery\/gite\/cache\/Gite008.jpg-nggid0235-ngg0dyn-150x110x100-00f0w010c011r110f110r010t010.jpg\" width='150' height='110' \/>\n\t\t\t\t\t\t\t<\/a>\n\t\t\t<span>\n\t\t\t \t\t\t<\/span>\n\t\t<\/div>\n\t<\/div>\n\t\t\t\t\t\t\t\t\n\t<!-- Pagination -->\n\t\t<div class='ngg-clear'><\/div>\t\n<\/div>\n\n\t<\/a><\/p>\n","protected":false},"excerpt":{"rendered":"<p>&nbsp; Les Cigognes de Caman &nbsp; Situ\u00e9 sur la propri\u00e9t\u00e9 viticole du Ch\u00e2teau La Raz Caman, au c\u0153ur du vignoble des C\u00f4tes de Blaye, confortable g\u00eete rural am\u00e9nag\u00e9 dans une maison de type girondine, mitoyen \u00e0 l&rsquo;habitation des propri\u00e9taires. Sa situation privil\u00e9gi\u00e9e en bordure de marais et de bois riches en faune sauvage (cigognes) raviera [&hellip;]<\/p>\n <a class=\"more-link\" href=\"https:\/\/www.larazcaman.com\/fr\/?page_id=131\">Keep reading<\/a>","protected":false},"author":1,"featured_media":0,"parent":0,"menu_order":4,"comment_status":"closed","ping_status":"open","template":"","meta":{"ngg_post_thumbnail":0,"footnotes":""},"aioseo_notices":[],"_links":{"self":[{"href":"https:\/\/www.larazcaman.com\/fr\/index.php?rest_route=\/wp\/v2\/pages\/131"}],"collection":[{"href":"https:\/\/www.larazcaman.com\/fr\/index.php?rest_route=\/wp\/v2\/pages"}],"about":[{"href":"https:\/\/www.larazcaman.com\/fr\/index.php?rest_route=\/wp\/v2\/types\/page"}],"author":[{"embeddable":true,"href":"https:\/\/www.larazcaman.com\/fr\/index.php?rest_route=\/wp\/v2\/users\/1"}],"replies":[{"embeddable":true,"href":"https:\/\/www.larazcaman.com\/fr\/index.php?rest_route=%2Fwp%2Fv2%2Fcomments&post=131"}],"version-history":[{"count":0,"href":"https:\/\/www.larazcaman.com\/fr\/index.php?rest_route=\/wp\/v2\/pages\/131\/revisions"}],"wp:attachment":[{"href":"https:\/\/www.larazcaman.com\/fr\/index.php?rest_route=%2Fwp%2Fv2%2Fmedia&parent=131"}],"curies":[{"name":"wp","href":"https:\/\/api.w.org\/{rel}","templated":true}]}}